{"version":"1.0","type":"rich","provider_name":"R\u00e9ussir Ensemble","provider_url":"https:\/\/reussirensembleablr.fr","title":"Tous les propri\u00e9taires de Bois-le-Roi ont \u00e9t\u00e9 mis en Secteur de Mixit\u00e9 Sociale (SMS) le 16 octobre 2025","author_name":"Herv\u00e9 Le Dantec","width":"600","height":"400","url":"https:\/\/reussirensembleablr.fr\/Tous-les-proprietaires-de-Bois-le","html":"\u003Ch4 class='title'\u003E\u003Ca href='https:\/\/reussirensembleablr.fr\/Tous-les-proprietaires-de-Bois-le'\u003ETous les propri\u00e9taires de Bois-le-Roi ont \u00e9t\u00e9 mis en Secteur de Mixit\u00e9 Sociale (SMS) le 16 octobre 2025\u003C\/a\u003E\u003C\/h4\u003E\u003Cblockquote class='spip'\u003EBois-le-Roi est la prem\u00e8re commune de France o\u00f9 100% des propri\u00e9taires sont sous la contrainte juridique et \u00e9conomique du Secteur de&nbsp;\u003Ca href=\"..\/Tous-les-proprietaires-de-Bois-le\" class=' pts_suite'\u003E&nbsp;(...)\u003C\/a\u003E\u003C\/blockquote\u003E\n"}